{"id":180,"date":"2020-05-20T17:12:54","date_gmt":"2020-05-20T15:12:54","guid":{"rendered":"http:\/\/projet-pyrenees.fr\/?page_id=180"},"modified":"2020-06-24T11:48:00","modified_gmt":"2020-06-24T09:48:00","slug":"contact","status":"publish","type":"page","link":"https:\/\/projet-pyrenees.fr\/?page_id=180","title":{"rendered":"Contact"},"content":{"rendered":"\n<p class=\"has-text-align-left\">Pour toute information compl\u00e9mentaire<strong> <\/strong>ou r\u00e9servation,<strong> <\/strong>contactez-nous par t\u00e9l\u00e9phone, e-mail ou via le formulaire ci-dessous.<\/p>\n\n\n\n<p><\/p>\n\n\n\n<hr class=\"wp-block-separator\"\/>\n\n\n\n<div class=\"wp-block-media-text alignwide is-stacked-on-mobile\" style=\"grid-template-columns:37% auto\"><figure class=\"wp-block-media-text__media\"><img loading=\"lazy\" width=\"1024\" height=\"769\" src=\"http:\/\/projet-pyrenees.fr\/wp-content\/uploads\/2020\/05\/IMG_2804-1024x769.jpeg\" alt=\"\" class=\"wp-image-339\" srcset=\"https:\/\/projet-pyrenees.fr\/wp-content\/uploads\/2020\/05\/IMG_2804-1024x769.jpeg 1024w, https:\/\/projet-pyrenees.fr\/wp-content\/uploads\/2020\/05\/IMG_2804-scaled-100x75.jpeg 100w, https:\/\/projet-pyrenees.fr\/wp-content\/uploads\/2020\/05\/IMG_2804-300x225.jpeg 300w, https:\/\/projet-pyrenees.fr\/wp-content\/uploads\/2020\/05\/IMG_2804-768x577.jpeg 768w, https:\/\/projet-pyrenees.fr\/wp-content\/uploads\/2020\/05\/IMG_2804-1536x1154.jpeg 1536w, https:\/\/projet-pyrenees.fr\/wp-content\/uploads\/2020\/05\/IMG_2804-2048x1539.jpeg 2048w\" sizes=\"(max-width: 1024px) 100vw, 1024px\" \/><\/figure><div class=\"wp-block-media-text__content\">\n<p class=\"has-medium-font-size\"><strong>Kim :<\/strong><\/p>\n\n\n\n<p>0033 (0)6 12 40 75 78 \/ kim@projet-pyrenees.fr<\/p>\n\n\n\n<p class=\"has-medium-font-size\"><strong>Flo :<\/strong><\/p>\n\n\n\n<p>0033 (0)6 80 60 41 23 \/ florian.chausson@projet-pyrenees.fr<\/p>\n<\/div><\/div>\n\n\n\n<div style=\"height:100px\" aria-hidden=\"true\" class=\"wp-block-spacer\"><\/div>\n\n\n\n<div role=\"form\" class=\"wpcf7\" id=\"wpcf7-f329-o1\" lang=\"fr-FR\" dir=\"ltr\">\n<div class=\"screen-reader-response\" aria-live=\"polite\"><\/div>\n<form action=\"\/index.php?rest_route=%2Fwp%2Fv2%2Fpages%2F180#wpcf7-f329-o1\" method=\"post\" class=\"wpcf7-form\" novalidate=\"novalidate\">\n<div style=\"display: none;\">\n<input type=\"hidden\" name=\"_wpcf7\" value=\"329\" \/>\n<input type=\"hidden\" name=\"_wpcf7_version\" value=\"5.1.9\" \/>\n<input type=\"hidden\" name=\"_wpcf7_locale\" value=\"fr_FR\" \/>\n<input type=\"hidden\" name=\"_wpcf7_unit_tag\" value=\"wpcf7-f329-o1\" \/>\n<input type=\"hidden\" name=\"_wpcf7_container_post\" value=\"0\" \/>\n<\/div>\n<p><label> Votre nom (obligatoire)<br \/>\n    <span class=\"wpcf7-form-control-wrap your-name\"><input type=\"text\" name=\"your-name\" value=\"\" size=\"40\" class=\"wpcf7-form-control wpcf7-text wpcf7-validates-as-required\" aria-required=\"true\" aria-invalid=\"false\" \/><\/span> <\/label><\/p>\n<p><label> Votre adresse de messagerie (obligatoire)<br \/>\n    <span class=\"wpcf7-form-control-wrap your-email\"><input type=\"email\" name=\"your-email\" value=\"\" size=\"40\" class=\"wpcf7-form-control wpcf7-text wpcf7-email wpcf7-validates-as-required wpcf7-validates-as-email\" aria-required=\"true\" aria-invalid=\"false\" \/><\/span> <\/label><\/p>\n<p><label> Objet<br \/>\n    <span class=\"wpcf7-form-control-wrap your-subject\"><input type=\"text\" name=\"your-subject\" value=\"\" size=\"40\" class=\"wpcf7-form-control wpcf7-text\" aria-invalid=\"false\" \/><\/span> <\/label><\/p>\n<p><label> Votre message<br \/>\n    <span class=\"wpcf7-form-control-wrap your-message\"><textarea name=\"your-message\" cols=\"40\" rows=\"10\" class=\"wpcf7-form-control wpcf7-textarea\" aria-invalid=\"false\"><\/textarea><\/span> <\/label><\/p>\n<p><input type=\"submit\" value=\"Envoyer\" class=\"wpcf7-form-control wpcf7-submit\" \/><\/p>\n<div class=\"wpcf7-response-output wpcf7-display-none\" aria-hidden=\"true\"><\/div><\/form><\/div>\n","protected":false},"excerpt":{"rendered":"<p>Pour toute information compl\u00e9mentaire ou r\u00e9servation, contactez-nous par t\u00e9l\u00e9phone, e-mail ou via le formulaire ci-dessous. Kim : 0033 (0)6 12 40 75 78 \/ kim@projet-pyrenees.fr Flo : 0033 (0)6 80 60 41 23 \/ florian.chausson@projet-pyrenees.fr<\/p>\n","protected":false},"author":1,"featured_media":0,"parent":0,"menu_order":0,"comment_status":"closed","ping_status":"closed","template":"","meta":[],"yoast_head":"<!-- This site is optimized with the Yoast SEO plugin v18.3 - https:\/\/yoast.com\/wordpress\/plugins\/seo\/ -->\n<title>Contact &mdash;<\/title>\n<meta name=\"robots\" content=\"index, follow, max-snippet:-1, max-image-preview:large, max-video-preview:-1\" \/>\n<link rel=\"canonical\" href=\"https:\/\/projet-pyrenees.fr\/?page_id=180\" \/>\n<meta property=\"og:locale\" content=\"fr_FR\" \/>\n<meta property=\"og:type\" content=\"article\" \/>\n<meta property=\"og:title\" content=\"Contact &mdash;\" \/>\n<meta property=\"og:description\" content=\"Pour toute information compl\u00e9mentaire ou r\u00e9servation, contactez-nous par t\u00e9l\u00e9phone, e-mail ou via le formulaire ci-dessous. Kim : 0033 (0)6 12 40 75 78 \/ kim@projet-pyrenees.fr Flo : 0033 (0)6 80 60 41 23 \/ florian.chausson@projet-pyrenees.fr\" \/>\n<meta property=\"og:url\" content=\"https:\/\/projet-pyrenees.fr\/?page_id=180\" \/>\n<meta property=\"article:publisher\" content=\"https:\/\/www.facebook.com\/Propy-Projet-Pyr%c3%a9n%c3%a9es-218941634821396\/\" \/>\n<meta property=\"article:modified_time\" content=\"2020-06-24T09:48:00+00:00\" \/>\n<meta property=\"og:image\" content=\"http:\/\/projet-pyrenees.fr\/wp-content\/uploads\/2020\/05\/IMG_2804-1024x769.jpeg\" \/>\n<meta name=\"twitter:card\" content=\"summary_large_image\" \/>\n<script type=\"application\/ld+json\" class=\"yoast-schema-graph\">{\"@context\":\"https:\/\/schema.org\",\"@graph\":[{\"@type\":\"Organization\",\"@id\":\"https:\/\/projet-pyrenees.fr\/#organization\",\"name\":\"Projet-Pyr\u00e9n\u00e9es\",\"url\":\"https:\/\/projet-pyrenees.fr\/\",\"sameAs\":[\"https:\/\/www.facebook.com\/Propy-Projet-Pyr\u00e9n\u00e9es-218941634821396\/\",\"https:\/\/www.youtube.com\/channel\/UClTkixtcjIPliGi97d9FfXw\"],\"logo\":{\"@type\":\"ImageObject\",\"@id\":\"https:\/\/projet-pyrenees.fr\/#logo\",\"inLanguage\":\"fr-FR\",\"url\":\"http:\/\/projet-pyrenees.fr\/wp-content\/uploads\/2020\/05\/cropped-Logga-2.jpg\",\"contentUrl\":\"http:\/\/projet-pyrenees.fr\/wp-content\/uploads\/2020\/05\/cropped-Logga-2.jpg\",\"width\":1952,\"height\":1952,\"caption\":\"Projet-Pyr\u00e9n\u00e9es\"},\"image\":{\"@id\":\"https:\/\/projet-pyrenees.fr\/#logo\"}},{\"@type\":\"WebSite\",\"@id\":\"https:\/\/projet-pyrenees.fr\/#website\",\"url\":\"https:\/\/projet-pyrenees.fr\/\",\"name\":\"Projet-Pyren\u00e9es\",\"description\":\"montagne &amp; trail - s\u00e9jours sur mesures\",\"publisher\":{\"@id\":\"https:\/\/projet-pyrenees.fr\/#organization\"},\"potentialAction\":[{\"@type\":\"SearchAction\",\"target\":{\"@type\":\"EntryPoint\",\"urlTemplate\":\"https:\/\/projet-pyrenees.fr\/?s={search_term_string}\"},\"query-input\":\"required name=search_term_string\"}],\"inLanguage\":\"fr-FR\"},{\"@type\":\"ImageObject\",\"@id\":\"https:\/\/projet-pyrenees.fr\/?page_id=180#primaryimage\",\"inLanguage\":\"fr-FR\",\"url\":\"http:\/\/projet-pyrenees.fr\/wp-content\/uploads\/2020\/05\/IMG_2804-1024x769.jpeg\",\"contentUrl\":\"http:\/\/projet-pyrenees.fr\/wp-content\/uploads\/2020\/05\/IMG_2804-1024x769.jpeg\"},{\"@type\":\"WebPage\",\"@id\":\"https:\/\/projet-pyrenees.fr\/?page_id=180#webpage\",\"url\":\"https:\/\/projet-pyrenees.fr\/?page_id=180\",\"name\":\"Contact &mdash;\",\"isPartOf\":{\"@id\":\"https:\/\/projet-pyrenees.fr\/#website\"},\"primaryImageOfPage\":{\"@id\":\"https:\/\/projet-pyrenees.fr\/?page_id=180#primaryimage\"},\"datePublished\":\"2020-05-20T15:12:54+00:00\",\"dateModified\":\"2020-06-24T09:48:00+00:00\",\"breadcrumb\":{\"@id\":\"https:\/\/projet-pyrenees.fr\/?page_id=180#breadcrumb\"},\"inLanguage\":\"fr-FR\",\"potentialAction\":[{\"@type\":\"ReadAction\",\"target\":[\"https:\/\/projet-pyrenees.fr\/?page_id=180\"]}]},{\"@type\":\"BreadcrumbList\",\"@id\":\"https:\/\/projet-pyrenees.fr\/?page_id=180#breadcrumb\",\"itemListElement\":[{\"@type\":\"ListItem\",\"position\":1,\"name\":\"Accueil\",\"item\":\"https:\/\/projet-pyrenees.fr\/\"},{\"@type\":\"ListItem\",\"position\":2,\"name\":\"Contact\"}]}]}<\/script>\n<!-- \/ Yoast SEO plugin. -->","yoast_head_json":{"title":"Contact &mdash;","robots":{"index":"index","follow":"follow","max-snippet":"max-snippet:-1","max-image-preview":"max-image-preview:large","max-video-preview":"max-video-preview:-1"},"canonical":"https:\/\/projet-pyrenees.fr\/?page_id=180","og_locale":"fr_FR","og_type":"article","og_title":"Contact &mdash;","og_description":"Pour toute information compl\u00e9mentaire ou r\u00e9servation, contactez-nous par t\u00e9l\u00e9phone, e-mail ou via le formulaire ci-dessous. Kim : 0033 (0)6 12 40 75 78 \/ kim@projet-pyrenees.fr Flo : 0033 (0)6 80 60 41 23 \/ florian.chausson@projet-pyrenees.fr","og_url":"https:\/\/projet-pyrenees.fr\/?page_id=180","article_publisher":"https:\/\/www.facebook.com\/Propy-Projet-Pyr%c3%a9n%c3%a9es-218941634821396\/","article_modified_time":"2020-06-24T09:48:00+00:00","og_image":[{"url":"http:\/\/projet-pyrenees.fr\/wp-content\/uploads\/2020\/05\/IMG_2804-1024x769.jpeg"}],"twitter_card":"summary_large_image","schema":{"@context":"https:\/\/schema.org","@graph":[{"@type":"Organization","@id":"https:\/\/projet-pyrenees.fr\/#organization","name":"Projet-Pyr\u00e9n\u00e9es","url":"https:\/\/projet-pyrenees.fr\/","sameAs":["https:\/\/www.facebook.com\/Propy-Projet-Pyr\u00e9n\u00e9es-218941634821396\/","https:\/\/www.youtube.com\/channel\/UClTkixtcjIPliGi97d9FfXw"],"logo":{"@type":"ImageObject","@id":"https:\/\/projet-pyrenees.fr\/#logo","inLanguage":"fr-FR","url":"http:\/\/projet-pyrenees.fr\/wp-content\/uploads\/2020\/05\/cropped-Logga-2.jpg","contentUrl":"http:\/\/projet-pyrenees.fr\/wp-content\/uploads\/2020\/05\/cropped-Logga-2.jpg","width":1952,"height":1952,"caption":"Projet-Pyr\u00e9n\u00e9es"},"image":{"@id":"https:\/\/projet-pyrenees.fr\/#logo"}},{"@type":"WebSite","@id":"https:\/\/projet-pyrenees.fr\/#website","url":"https:\/\/projet-pyrenees.fr\/","name":"Projet-Pyren\u00e9es","description":"montagne &amp; trail - s\u00e9jours sur mesures","publisher":{"@id":"https:\/\/projet-pyrenees.fr\/#organization"},"potentialAction":[{"@type":"SearchAction","target":{"@type":"EntryPoint","urlTemplate":"https:\/\/projet-pyrenees.fr\/?s={search_term_string}"},"query-input":"required name=search_term_string"}],"inLanguage":"fr-FR"},{"@type":"ImageObject","@id":"https:\/\/projet-pyrenees.fr\/?page_id=180#primaryimage","inLanguage":"fr-FR","url":"http:\/\/projet-pyrenees.fr\/wp-content\/uploads\/2020\/05\/IMG_2804-1024x769.jpeg","contentUrl":"http:\/\/projet-pyrenees.fr\/wp-content\/uploads\/2020\/05\/IMG_2804-1024x769.jpeg"},{"@type":"WebPage","@id":"https:\/\/projet-pyrenees.fr\/?page_id=180#webpage","url":"https:\/\/projet-pyrenees.fr\/?page_id=180","name":"Contact &mdash;","isPartOf":{"@id":"https:\/\/projet-pyrenees.fr\/#website"},"primaryImageOfPage":{"@id":"https:\/\/projet-pyrenees.fr\/?page_id=180#primaryimage"},"datePublished":"2020-05-20T15:12:54+00:00","dateModified":"2020-06-24T09:48:00+00:00","breadcrumb":{"@id":"https:\/\/projet-pyrenees.fr\/?page_id=180#breadcrumb"},"inLanguage":"fr-FR","potentialAction":[{"@type":"ReadAction","target":["https:\/\/projet-pyrenees.fr\/?page_id=180"]}]},{"@type":"BreadcrumbList","@id":"https:\/\/projet-pyrenees.fr\/?page_id=180#breadcrumb","itemListElement":[{"@type":"ListItem","position":1,"name":"Accueil","item":"https:\/\/projet-pyrenees.fr\/"},{"@type":"ListItem","position":2,"name":"Contact"}]}]}},"_links":{"self":[{"href":"https:\/\/projet-pyrenees.fr\/index.php?rest_route=\/wp\/v2\/pages\/180"}],"collection":[{"href":"https:\/\/projet-pyrenees.fr\/index.php?rest_route=\/wp\/v2\/pages"}],"about":[{"href":"https:\/\/projet-pyrenees.fr\/index.php?rest_route=\/wp\/v2\/types\/page"}],"author":[{"embeddable":true,"href":"https:\/\/projet-pyrenees.fr\/index.php?rest_route=\/wp\/v2\/users\/1"}],"replies":[{"embeddable":true,"href":"https:\/\/projet-pyrenees.fr\/index.php?rest_route=%2Fwp%2Fv2%2Fcomments&post=180"}],"version-history":[{"count":18,"href":"https:\/\/projet-pyrenees.fr\/index.php?rest_route=\/wp\/v2\/pages\/180\/revisions"}],"predecessor-version":[{"id":400,"href":"https:\/\/projet-pyrenees.fr\/index.php?rest_route=\/wp\/v2\/pages\/180\/revisions\/400"}],"wp:attachment":[{"href":"https:\/\/projet-pyrenees.fr\/index.php?rest_route=%2Fwp%2Fv2%2Fmedia&parent=180"}],"curies":[{"name":"wp","href":"https:\/\/api.w.org\/{rel}","templated":true}]}}